{"id":3057,"date":"2020-02-22T23:59:02","date_gmt":"2020-02-22T22:59:02","guid":{"rendered":"https:\/\/sp6kwidzyn.pl\/?page_id=3057"},"modified":"2020-02-23T00:25:19","modified_gmt":"2020-02-22T23:25:19","slug":"plan-pracy-su-na-rok-szkolny-2019-2020","status":"publish","type":"page","link":"https:\/\/sp6kwidzyn.pl\/?page_id=3057","title":{"rendered":"Plan pracy Samorz\u0105du Uczniowskiego na rok szkolny 2019\/2020"},"content":{"rendered":"<p style=\"text-align: center;\">Opracowa\u0142a Maria Czerwi\u0144ska, Jolanta Drypa\u00a0\u00a0\u00a0 rok szkolny 2019\/2020<\/p>\n<p style=\"text-align: center;\"><a href=\"https:\/\/sp6kwidzyn.pl\/wp-content\/uploads\/2020\/02\/PLAN-PRACY-SU-19-20.doc\">pobierz Plan Pracy SU 2019\/2020<\/a><\/p>\n<table>\n<tbody>\n<tr>\n<td><center><strong>Cele<\/strong><\/center><\/td>\n<td style=\"vertical-align: top;\"><center><strong>Spos\u00f3b realizacji<\/strong><\/center><\/td>\n<td width=\"173\"><center><strong>Termin<\/strong><\/center><\/td>\n<\/tr>\n<tr>\n<td>Wychowanie spo\u0142eczne<\/p>\n<p>i do integracji<\/td>\n<td style=\"vertical-align: top width=;\">\n<ul>\n<li>Zapoznanie z prawem szkolnym<\/li>\n<li>w\u0142\u0105czanie si\u0119 w akcje lokalne i og\u00f3lnopolskie<\/li>\n<\/ul>\n<p>&#8211; \u201e Sprz\u0105tanie \u015bwiata \u2013 Polska\u201d<\/p>\n<p>&#8211; Segregujemy odpady; Europejski dzie\u0144 bez papierosa.<\/p>\n<ul>\n<li>udzia\u0142 w akcjach charytatywnych typu WO\u015aP, G\u00f3ra Grosza, Paczka dla Kresowiaka itp.<\/li>\n<li>zwracanie uwagi na poprawno\u015b\u0107 i kultur\u0119 zachowa\u0144<\/li>\n<li>przekazywanie informacji na temat r\u00f3\u017cnorodno\u015bci kulturowej Polski i Europy<\/li>\n<li>organizowanie debat uczniowskich wg potrzeb<\/li>\n<li>organizowanie pomocy potrzebuj\u0105cym \u2013 wolontariat. W szkole istnieje Rada Wolontariatu. Wolontariat proponujemy g\u0142\u00f3wnie uczniom klas 7 i 8.<\/li>\n<\/ul>\n<\/td>\n<td style=\"vertical-align: top;\">ca\u0142y rok<\/p>\n<p>&nbsp;<\/p>\n<p>wrzesie\u0144 i ca\u0142y rok<\/p>\n<p>&nbsp;<\/p>\n<p>&nbsp;<\/p>\n<p>stycze\u0144<\/p>\n<p>ca\u0142y rok plakaty, apele<\/p>\n<p>wg potrzeb<\/td>\n<\/tr>\n<tr>\n<td>Budowanie tradycji<\/p>\n<p>i obrz\u0119dowo\u015bci w szkole<\/p>\n<p>&nbsp;<\/td>\n<td style=\"vertical-align: top;\">\n<ul style=\"text-align: center;\">\n<li style=\"text-align: left;\">wybory do Rady Samorz\u0105du Szkolnego<\/li>\n<li style=\"text-align: left;\">wybory Rzecznika Praw Ucznia<\/li>\n<li style=\"text-align: left;\">wybory superkolegi (kole\u017canki) \u2013 klasy 4 \u2013 6 ,\u00a0 Dzie\u0144 przyjaciela<\/li>\n<li style=\"text-align: left;\">kultywowanie i tworzenie zwyczaj\u00f3w szkolnych (\u015blubowanie klas pierwszych, Los Szcz\u0119\u015bcia, kolorowe pi\u0105tki)<\/li>\n<li style=\"text-align: left;\">organizowanie imprez szkolnych :<\/li>\n<\/ul>\n<p style=\"text-align: left;\">&#8211; Andrzejki,<\/p>\n<p style=\"text-align: left;\">&#8211;\u00a0 Miko\u0142ajki ,<\/p>\n<p style=\"text-align: left;\">&#8211;\u00a0 Dzie\u0144 Wiosny<\/p>\n<p style=\"text-align: left;\">&#8211; Dzie\u0144 Dziecka<\/p>\n<p style=\"text-align: left;\">&#8211; Wigilie klasowe<\/p>\n<p style=\"text-align: left;\">&#8211; Dzie\u0144 Ch\u0142opaka<\/p>\n<p style=\"text-align: left;\">&#8211; Dzie\u0144\u00a0 Kobiet<\/p>\n<p style=\"text-align: left;\">&#8211; Dzie\u0144 J\u0119zyka Ojczystego<\/p>\n<p style=\"text-align: left;\">&#8211; Dzie\u0144 matematyki i liczby 6<\/p>\n<p style=\"text-align: left;\">&#8211; Dzie\u0144 Pracownika S\u0142u\u017cby Zdrowia<\/p>\n<p style=\"text-align: left;\">&#8211; \u015awiatowy Dzie\u0144 Piel\u0119gniarek<\/p>\n<ul style=\"text-align: left;\">\n<li>w\u0142\u0105czanie dzieci w prace na rzecz szko\u0142y<\/li>\n<li>zbieranie i wr\u0119czanie \u017cycze\u0144 z r\u00f3\u017cnych okazji, r\u00f3wnie\u017c z wykorzystaniem radia\u201d6\u201d<\/li>\n<li>\u015awiatowy Dzie\u0144 \u017byczliwo\u015bci i Pozdrowie\u0144<\/li>\n<li>Mi\u0119dzynarodowy Dzie\u0144 Praw Cz\u0142owieka oraz Dzie\u0144 Ochrony Praw Dziecka<\/li>\n<li>\u015awiatowy dzie\u0144 dobrych uczynk\u00f3w<\/li>\n<\/ul>\n<\/td>\n<td style=\"vertical-align: top;\">czerwiec<\/p>\n<p>wrzesie\u0144<\/p>\n<p>czerwiec<\/p>\n<p>pa\u017adziernik, ca\u0142y rok<\/p>\n<p>listopad<\/p>\n<p>grudzie\u0144<\/p>\n<p>marzec<\/p>\n<p>czerwiec<\/p>\n<p>wrzesie\u0144<\/p>\n<p>marzec<\/p>\n<p>marzec<\/p>\n<p>kwiecie\u0144<\/p>\n<p>maj<\/p>\n<p>&nbsp;<\/p>\n<p>&nbsp;<\/p>\n<p>\u015bwi\u0119ta, walentynki<\/p>\n<p>&nbsp;<\/p>\n<p>listopad<\/p>\n<p>grudzie\u0144<\/p>\n<p>maj<\/td>\n<\/tr>\n<tr>\n<td>Wychowanie prozdrowotne<\/p>\n<p>i bezpiecze\u0144stwo<\/td>\n<td style=\"vertical-align: top;\">\n<ul>\n<li>organizowanie dy\u017cur\u00f3w szkolnych<\/li>\n<li>prowadzenie r\u00f3\u017cnych dzia\u0142a\u0144 na rzecz utrzymania porz\u0105dku w szkole, priorytet \u201eStop ha\u0142asowi\u201d<\/li>\n<li>akcja promuj\u0105ca zdrowie i zdrowe od\u017cywianie<\/li>\n<li>Mi\u0119dzynarodowy Dzie\u0144 \u015awiadomo\u015bci Zagro\u017cenia Ha\u0142asem<\/li>\n<li>Udzia\u0142 uczni\u00f3w w imprezach sportowych- igrzyska klasowe<\/li>\n<li>Informowanie o zagro\u017ceniach w cyberprzestrzeni<\/li>\n<\/ul>\n<\/td>\n<td width=\"103\">ca\u0142y rok<\/p>\n<p>wg potrzeb<\/p>\n<p>ca\u0142y rok<\/p>\n<p>kwiecie\u0144<\/p>\n<p>maj<\/p>\n<p>&nbsp;<\/td>\n<\/tr>\n<tr>\n<td>Wychowanie patriotyczne<\/p>\n<p>i obywatelskie<\/td>\n<td width=\"454\">\n<ul>\n<li>wybory do Rady Samorz\u0105du Szkolnego<\/li>\n<li>udzia\u0142 pocztu szkolnego i delegacji szko\u0142y w miejskich uroczysto\u015bciach rocznicowych<\/li>\n<li>apel z okazji 11XI<\/li>\n<\/ul>\n<ul>\n<li>apel z okazji rocznicy uchwalenia Konstytucji 3 maja i Dnia Flagi oraz wst\u0105pienia do UE<\/li>\n<\/ul>\n<\/td>\n<td style=\"vertical-align: top;\">&nbsp;<\/p>\n<p>wrzesie\u0144, listopad, maj<\/td>\n<\/tr>\n<tr>\n<td>Wychowanie do \u017cycia w rodzinie<\/td>\n<td width=\"454\">\n<ul>\n<li>organizowanie uroczysto\u015bci klasowych z okazji Dnia Matki<\/li>\n<\/ul>\n<p>Babci , Dziadka itp. zbieranie \u017cycze\u0144, \u017cyczenia przez radio \u201e 6\u201d<\/p>\n<ul>\n<li>zach\u0119canie rodzic\u00f3w do udzia\u0142u w pracach samorz\u0105du<\/li>\n<\/ul>\n<\/td>\n<td width=\"103\">na bie\u017c\u0105co<\/td>\n<\/tr>\n<tr>\n<td>Wychowanie do uczestnictwa<\/p>\n<p>w kulturze<\/td>\n<td style=\"vertical-align: top;\">\n<ul>\n<li>pomoc\u00a0 w organizacji imprez prezentuj\u0105cych tw\u00f3rczo\u015b\u0107 uczni\u00f3w<\/li>\n<\/ul>\n<ul>\n<li>egzekwowanie i nagradzanie w\u0142a\u015bciwych zachowa\u0144<\/li>\n<li>udzia\u0142 uczni\u00f3w w pracach k\u00f3\u0142 artystycznych<\/li>\n<li>Jase\u0142ka<\/li>\n<li>udzia\u0142 uczni\u00f3w w konkursach czytelniczych, historycznych, ortograficznych, recytatorskich<\/li>\n<li>propagowanie czytelnictwa<\/li>\n<\/ul>\n<\/td>\n<td style=\"vertical-align: top;\">na bie\u017c\u0105co<\/p>\n<p>ca\u0142y rok<\/p>\n<p>ca\u0142y rok<\/p>\n<p>grudzie\u0144<\/p>\n<p>stycze\u0144, marzec, kwiecie\u0144, maj<\/td>\n<\/tr>\n<tr>\n<td>Wychowanie proekologiczne<\/td>\n<td width=\"454\">\n<ul>\n<li>udzia\u0142 w akcjach ekologicznych (Sprz\u0105tanie \u015awiata , Dzie\u0144 Ziemi<\/li>\n<li>Dzie\u0144 ochrony \u015brodowiska<\/li>\n<\/ul>\n<\/td>\n<td width=\"103\">wrzesie\u0144, kwiecie\u0144<\/p>\n<p>ca\u0142y rok<\/p>\n<p>czerwiec<\/td>\n<\/tr>\n<tr>\n<td>Wsp\u00f3\u0142praca z rodzicami<\/td>\n<td width=\"454\">\n<ul>\n<li>pozyskiwanie pomocy na rzecz szko\u0142y<\/li>\n<li>pomoc rodzic\u00f3w w organizacji imprez szkolnych<\/li>\n<\/ul>\n<\/td>\n<td width=\"103\">na bie\u017c\u0105co<\/p>\n<p>&nbsp;<\/td>\n<\/tr>\n<\/tbody>\n<\/table>\n<p>&nbsp;<\/p>\n","protected":false},"excerpt":{"rendered":"<p>Opracowa\u0142a Maria Czerwi\u0144ska, Jolanta Drypa\u00a0\u00a0\u00a0 rok szkolny 2019\/2020 pobierz Plan Pracy SU 2019\/2020 Cele Spos\u00f3b realizacji Termin Wychowanie spo\u0142eczne i [&hellip;]<\/p>\n","protected":false},"author":1,"featured_media":0,"parent":0,"menu_order":0,"comment_status":"closed","ping_status":"closed","template":"","meta":{"footnotes":""},"class_list":["post-3057","page","type-page","status-publish","hentry","has_no_thumb"],"aioseo_notices":[],"_links":{"self":[{"href":"https:\/\/sp6kwidzyn.pl\/index.php?rest_route=\/wp\/v2\/pages\/3057","targetHints":{"allow":["GET"]}}],"collection":[{"href":"https:\/\/sp6kwidzyn.pl\/index.php?rest_route=\/wp\/v2\/pages"}],"about":[{"href":"https:\/\/sp6kwidzyn.pl\/index.php?rest_route=\/wp\/v2\/types\/page"}],"author":[{"embeddable":true,"href":"https:\/\/sp6kwidzyn.pl\/index.php?rest_route=\/wp\/v2\/users\/1"}],"replies":[{"embeddable":true,"href":"https:\/\/sp6kwidzyn.pl\/index.php?rest_route=%2Fwp%2Fv2%2Fcomments&post=3057"}],"version-history":[{"count":6,"href":"https:\/\/sp6kwidzyn.pl\/index.php?rest_route=\/wp\/v2\/pages\/3057\/revisions"}],"predecessor-version":[{"id":3066,"href":"https:\/\/sp6kwidzyn.pl\/index.php?rest_route=\/wp\/v2\/pages\/3057\/revisions\/3066"}],"wp:attachment":[{"href":"https:\/\/sp6kwidzyn.pl\/index.php?rest_route=%2Fwp%2Fv2%2Fmedia&parent=3057"}],"curies":[{"name":"wp","href":"https:\/\/api.w.org\/{rel}","templated":true}]}}